{"id":2407,"date":"2022-08-02T18:22:41","date_gmt":"2022-08-02T16:22:41","guid":{"rendered":"http:\/\/www.ambaniger-tr.org\/?page_id=2407"},"modified":"2022-08-02T18:23:44","modified_gmt":"2022-08-02T16:23:44","slug":"nijer","status":"publish","type":"page","link":"https:\/\/www.ambaniger-tr.org\/tr\/nijer\/","title":{"rendered":"Nijer"},"content":{"rendered":"<ul>\r\n \t<li>Nijer Devleti, eski bir Frans\u0131z s\u00f6m\u00fcrgesi olup 18 aral\u0131k 1958 y\u0131l\u0131ndan bu yana bir cumhuriyettir, 3 a\u011fustos 1960 y\u0131l\u0131nda ba\u011f\u0131ms\u0131zl\u0131\u011f\u0131n\u0131 kazand\u0131. Bat\u0131 Afrika \u00fclkesi olup kuzeyinde Libya ve Cezayir, g\u00fcneyinde Benin, Burkina Faso ve Nijerya, do\u011fusunda Tchad ve bat\u0131s\u0131nda Mali \u00fclkeleriyle \u00e7evrilidir. Ba\u015fkenti Niamey\u2019dir.\u00a0Sahra-alt\u0131 \u00a0Afrika ve Cezayir, Fas, Tunus \u00fclkeleri aras\u0131nda bir temas alan\u0131 olu\u015fturmaktad\u0131r. Nijer devleti CEDEAO ve UEMOA \u00fcyesidir. Nijer\u2019in en \u00f6nemli tabii kaynaklar\u0131 uranyum, petrol, k\u00f6m\u00fcr, alt\u0131n ve demirdir.\r\n\r\n <strong>Fiz\u00eek\u00ee yap\u0131:<\/strong>\r\n\r\n \r\n<div class=\"wp-block-image\">\r\n<figure class=\"alignleft size-large is-resized\"><img loading=\"lazy\" decoding=\"async\" class=\"wp-image-1753\" src=\"http:\/\/www.tr.ambaniger-tr.org\/wp-content\/uploads\/2019\/05\/drapeau-Niger.jpg\" alt=\"\" width=\"222\" height=\"120\" \/><figcaption>Nijer Bayra\u011f\u0131<\/figcaption><\/figure>\r\n<\/div>\r\n \r\n<figure class=\"wp-block-image size-large is-resized\"><img loading=\"lazy\" decoding=\"async\" class=\"wp-image-1938\" src=\"http:\/\/www.tr.ambaniger-tr.org\/wp-content\/uploads\/2020\/04\/image002.png\" alt=\"\" width=\"210\" height=\"139\" \/><figcaption>Nijer Emblemi<\/figcaption><\/figure>\r\n \r\n<div class=\"wp-block-image\">\r\n<figure class=\"alignright size-large is-resized\"><img loading=\"lazy\" decoding=\"async\" class=\"wp-image-1774\" src=\"http:\/\/www.tr.ambaniger-tr.org\/wp-content\/uploads\/2019\/05\/Niger_afr-location.png\" alt=\"\" width=\"165\" height=\"152\" \/><figcaption>Konum<\/figcaption><\/figure>\r\n<\/div>\r\nNijer Devletinin co\u011fraf\u00ee durumu, Kuzey Afrika ve G\u00fcney Afrila aras\u0131ndaki ticaret i\u00e7in bir merkez olu\u015fturur. Bat\u0131 Afrika\u2019da olup 11\u02da37\u00a0 ve 23\u02da33 kuzey enlemleriyle, 0\u02da10 ve 16 do\u011fu boylamlar\u0131 aras\u0131nda yer almaktad\u0131r. Y\u00fcz\u00f6l\u00e7\u00fcm\u00fc 1.267.000 km\u00b2\u2019dir. Bat\u0131 Afrika\u2019da b\u00fcy\u00fck bir \u00fclkedir ( Sudan, Ceyayir, Kongo, Libya ve Tchad\u2019dan sonra).\r\n\r\n<strong>B\u00f6lgeler:<\/strong>\r\n\r\nNijer Devleti 8 idar\u00ee b\u00f6lgeye ayr\u0131lm\u0131\u015ft\u0131r: Agadez, Diffa, Dosso, Maradi, Tahoua, Tillabery, Zinder ve Niamey ( kentsel toplum ).\r\n\r\n<strong>Dilsel gruplar\u0131:<\/strong>\r\n\r\nNijer b\u00fcy\u00fck bir k\u00fclt\u00fcrel \u00e7e\u015fitlilik sunuyor. \u00dclkede dokuz b\u00fcy\u00fck etnik grup bulunmakta: Haoussa, Zarma, Touareg, Kanuri, Arap, Toubou, Gourmantche, Peul ve Boudouma.\r\n\r\nHer grubun kendi dili var fakat en yayg\u0131n olanlar\u0131 Haoussa ve Zarma-songha\u00ef\u2019dir . Nijer laik bir devlettir. Fakat n\u00fcfusun % 98\u2019i islam dinine \u00a0mensuptur.\r\n\r\nN\u00fcfusun % 53.5\u2019unu olu\u015fturan\u00a0 \u00a0Hausa\u2019lar\u00a0 \u00fclkenin\u00a0 do\u011fusunda yer alan Dallol Maouri ve Zinder aras\u0131ndaki \u00a0b\u00f6lgede ya\u015famaktad\u0131rlar ve n\u00fcfusun \u00e7o\u011funlu\u011funu olu\u015fturmaktad\u0131rlar. \u00d6nem olarak ikinci s\u0131rada , \u00fclkenin bat\u0131s\u0131nda Wogas ve Kourte\u00efs b\u00f6lgesinde \u00a0n\u00fcfusun %19 unu olu\u015fturan\u00a0 Djermas \u00a0ve Sontaisler gelmektedir. Kuzey ve kuzeybat\u0131s\u0131nda Touaregler n\u00fcfusun % 10.6\u2019s\u0131n\u0131 olu\u015fturmakta. Kuzey ve kuzeydo\u011fusunda % 0.5\u2019i Toubous ve % 0.3\u2019\u00fc \u00a0Araplardan olu\u015fmakta. Do\u011fu u\u00e7 k\u0131s\u0131mlarda Zinder\u2019den Tchad\u2019a kadar % 4.6 ile Kanouris ve Tchad g\u00f6l\u00fcn\u00fcn adalar\u0131nda Boudoumaslar yer almaktad\u0131r. % 10.4\u2019\u00fcn\u00fc \u00fclkenin t\u00fcm co\u011frafyas\u0131nda yay\u0131lm\u0131\u015f olan ge\u00e7mi\u015fte g\u00f6\u00e7ebe hayat\u0131 s\u00fcren Peulhs\u2019ler olu\u015fturmaktad\u0131r.\r\n\r\n<strong>Yerle\u015fim:<\/strong>\r\n\r\nNijer topraklar\u0131n\u0131n \u00f6nemli bir k\u0131sm\u0131n\u0131 (2\/3) B\u00fcy\u00fck Sahra\u2019n\u0131n \u00e7\u00f6lleri ile ou\u015fur. G\u00fcneyde Nijer Nehri\u2019nden do\u011fuda \u00c7ad g\u00f6l\u00fcne kadar uzanan Step ve Savan b\u00f6lgesi yer al\u0131r. Bu b\u00f6lge, s\u0131k tropikal Afrika ormanlar\u0131n\u0131n bir uzant\u0131s\u0131d\u0131r.\r\n\r\n\u00c7\u00f6l her y\u0131l 200.000 hektarl\u0131k bir b\u00fcy\u00fcme g\u00f6stermekte. H\u00fck\u00fcmetin a\u011fa\u00e7land\u0131rma programlar\u0131 ; s\u0131k ya\u015fanan kurakl\u0131k , tahta ve tar\u0131m arazisi taleplerinin s\u00fcrekli artmas\u0131ndan dolay\u0131 sonu\u00e7 vermemekte . 1990\u2019dan beri ormanl\u0131k alan\u0131n \u00fc\u00e7te biri yok oldu. Orman \u00fclkenin sadece %1\u2019inin olu\u015fturmakta.\r\n\r\n\u00c7ift\u00e7iler taraf\u0131ndan y\u00fcr\u00fct\u00fclen toplu do\u011fal rejenerasyon sayesinde 1970 y\u0131llar\u0131na k\u0131yasla 2005\u2019te Nijer\u2019de 5 milyon hektardan fazla arazinin bitki \u00f6rt\u00fcs\u00fcnde canlanma g\u00f6zlenmekte. \u00a0\u00e7\u00f6lle\u015fme \u00a0belirgin bir \u015fekilde azalt\u0131lm\u0131\u015ft\u0131r. Topra\u011f\u0131n verimlili\u011finin artmas\u0131yla birlikte tar\u0131msal verimlikte muhte\u015fem bir iyile\u015fme g\u00f6r\u00fclm\u00fc\u015ft\u00fcr.\r\n\r\nOrmanlar\u0131n zarar g\u00f6rmesi ve yasak avlanma nedeniyle fil, aslan ve z\u00fcrafa gibi baz\u0131 hayvanlar yok olma tehlikesiyle kar\u015f\u0131 kar\u015f\u0131ya kalmakta. Bat\u0131 Afrika\u2019n\u0131n son \u00f6zg\u00fcr z\u00fcrafa s\u00fcr\u00fcs\u00fc ba\u015fkent Niamey\u2019in 60 km uza\u011f\u0131nda bulunan Koure k\u00f6y\u00fc civar\u0131na do\u011fru ilerlemekte. Di\u011fer taraftan \u2018 W Park\u0131\u2019 ismli bir rezerv 3ayr\u0131 \u00fclkenin topraklar\u0131nda yer almakta\u00a0 : Nijer ,Benin ve Burkina Faso .Nijer nehrinde suayg\u0131rlar\u0131 koruma alt\u0131nda ve yerli halk i\u00e7in tehdit olu\u015fturacak \u00a0kadar \u00e7o\u011falmaktalar. Ak\u015fam karanl\u0131\u011f\u0131nda nehir k\u0131y\u0131s\u0131ndaki tar\u0131m alanlar\u0131n\u0131 talan ettikleri de s\u0131k g\u00f6r\u00fclmekte.\r\n\r\n<strong>Ekonomi:<\/strong>\r\n\r\nNijer ekonomisi, maden ,petrol,su kaynaklar\u0131 ,tar\u0131m,ormanc\u0131l\u0131k ve turizm potansiyeli ile desteklenen g\u00fc\u00e7l\u00fc bir y\u00fckselme g\u00f6stermekte. Bu sebeple h\u00fckumet ortak pazara a\u00e7\u0131lan bir ekonomi se\u00e7ene\u011fini yineledi.\r\n\r\nB\u00f6ylece:\r\n\r\nYat\u0131r\u0131mc\u0131lara destek hizmeti sunmak i\u00e7in :\r\n\r\n&#8211;\u00a0\u00a0\u00a0\u00a0\u00a0\u00a0\u00a0\u00a0 Yat\u0131r\u0131mc\u0131lara destek hizmeti sa\u011flamak amac\u0131yla maliyeti d\u00fc\u015f\u00fcrmek, s\u00fcreleri ve \u015firket kurma prosed\u00fcr\u00fcn\u00fc azaltmak i\u00e7in bir d\u00fczenleme yap\u0131ld\u0131 ;\r\n\r\n&#8211;\u00a0\u00a0\u00a0\u00a0\u00a0\u00a0\u00a0\u00a0 \u2018 Ev \u015firketi\u2019 olarak adland\u0131r\u0131lan i\u015fletmelerin olu\u015fturulmas\u0131n\u0131 ve deste\u011fi kolayla\u015ft\u0131ran \u00f6zel bir yap\u0131\r\n\r\n&#8211;\u00a0\u00a0\u00a0\u00a0\u00a0\u00a0\u00a0\u00a0 \u00d6zel yat\u0131r\u0131mc\u0131lar ulusal konseyi (CNIP)kuruldu,\u00f6zel yat\u0131r\u0131mc\u0131lar\u0131n \u00f6n\u00fcndeki engelleri kald\u0131rmak i\u00e7in analiz ve kararlar yasas\u0131 olu\u015fturuldu.\r\n\r\nB\u00f6lgesel pazara eri\u015fimi kolayla\u015ft\u0131rmak i\u00e7in :\r\n\r\n&#8211;\u00a0\u00a0\u00a0\u00a0\u00a0\u00a0\u00a0\u00a0 Devletin ticaret sekt\u00f6r\u00fcn\u00fcn, y\u00fck\u00fcml\u00fcl\u00fc\u011f\u00fcn\u00fc \u00fczerinden\u00a0 atmas\u0131 ve ekonominin t\u00fcm sekt\u00f6rlerinde serbest rekabet\r\n\r\n&#8211;\u00a0\u00a0\u00a0\u00a0\u00a0\u00a0\u00a0\u00a0 300 milyon t\u00fcketiciyi a\u015fan bir Pazar\u00a0 sahip Bat\u0131 Afrika Ekonomik ve Parasal Birli\u011fi(UEMOA) ve (CEDEAO) ya \u00fcyeli\u011fimiz\r\n\r\nNijer\u2019in \u00c7ok Tarafl\u0131 Yat\u0131r\u0131m Garanti Ajans\u0131 (M\u0130GA) ya kat\u0131l\u0131m\u0131 sa\u011fland\u0131.\r\n\r\nGelecekte, iyi y\u00f6netim ,uygulama giri\u015fimi \u20183N\u2019 (Nijerliler Nijerlileri ge\u00e7indiriyor), ula\u015ft\u0131rma ve enerji altyap\u0131s\u0131n\u0131n geli\u015ftirilmesi, maden ve petrol i\u015fletim ve \u00e7e\u015fitlendirme, ayr\u0131ca 2012 de kent merkezlerinin modernle\u015fmesi b\u00fcy\u00fcmeyi %14 artt\u0131racak.Uluslar aras\u0131 para fonunun ( \u0130MF ) tahminlerine g\u00f6re bu geli\u015fmenin \u00a0,\u00f6n\u00fcm\u00fczdeki y\u0131llarda da devam etmesi bekleniyor.\r\n\r\n<strong>Bayramlar ve resm\u00ee tatiller:<\/strong>\r\n<table>\r\n<tbody>\r\n<tr>\r\n<td width=\"154\"><strong>Tarih<\/strong><\/td>\r\n<td width=\"154\"><strong>Frans\u0131zca Ad\u0131<\/strong><\/td>\r\n<td width=\"154\"><strong>Yerel ismi<\/strong><\/td>\r\n<td width=\"154\"><strong>A\u00e7\u0131klamalar<\/strong><\/td>\r\n<\/tr>\r\n<tr>\r\n<td width=\"154\"><strong>1 Ocak<\/strong><\/td>\r\n<td width=\"154\"><strong>Jour de l\u2019an<\/strong><\/td>\r\n<td width=\"154\"><strong>Y\u0131lba\u015f\u0131<\/strong><\/td>\r\n<td width=\"154\"><strong>\u00a0<\/strong><\/td>\r\n<\/tr>\r\n<tr>\r\n<td width=\"154\"><strong>24 Nisan<\/strong><\/td>\r\n<td width=\"154\"><strong>Journee de la Concorde<\/strong><\/td>\r\n<td width=\"154\"><strong>Concorde Milli G\u00fcn Kutamas\u0131<\/strong><\/td>\r\n<td width=\"154\"><strong>\u00a0<\/strong><\/td>\r\n<\/tr>\r\n<tr>\r\n<td width=\"154\"><strong>\u00a01 May\u0131s<\/strong><\/td>\r\n<td width=\"154\"><strong>Fete du travail<\/strong><\/td>\r\n<td width=\"154\"><strong>\u0130\u015f\u00e7i bayram\u0131<\/strong><\/td>\r\n<td width=\"154\"><strong>\u00a0<\/strong><\/td>\r\n<\/tr>\r\n<tr>\r\n<td width=\"154\"><strong>3 A\u011fustos<\/strong><\/td>\r\n<td width=\"154\"><strong>Fete de l\u2019\u0130ndependance<\/strong><\/td>\r\n<td width=\"154\"><strong>Ba\u011f\u0131ms\u0131zl\u0131k G\u00fcn\u00fc<\/strong><\/td>\r\n<td width=\"154\"><strong>1960 ba\u011f\u0131ms\u0131zl\u0131\u011f\u0131n\u00a0 y\u0131ld\u00f6n\u00fcm\u00fc. Geleneksel bayram olarak ta adland\u0131r\u0131lan bu bayram, \u00fclkenin \u00e7\u00f6lle\u015fmesine kar\u015f\u0131 m\u00fccadele \u00a0i\u00e7in her insan\u0131n a\u011fa\u00e7 dikmesini \u00f6ng\u00f6rmekte<\/strong><\/td>\r\n<\/tr>\r\n<tr>\r\n<td width=\"154\"><strong>18 Aral\u0131k<\/strong><\/td>\r\n<td width=\"154\"><strong>Jour de la Republique<\/strong><\/td>\r\n<td width=\"154\"><strong>Cumhuriyet bayram\u0131<\/strong><\/td>\r\n<td width=\"154\"><strong>\u00a0<\/strong><\/td>\r\n<\/tr>\r\n<tr>\r\n<td width=\"154\"><strong>25Aral\u0131k<\/strong><\/td>\r\n<td width=\"154\"><strong>Noel<\/strong><\/td>\r\n<td width=\"154\"><strong>Noel<\/strong><\/td>\r\n<td width=\"154\"><strong>\u00a0<\/strong><\/td>\r\n<\/tr>\r\n<\/tbody>\r\n<\/table>\r\n<strong>\u00a0<\/strong>\r\n\r\nBu de\u011fi\u015fmeyen resm\u00ee tatil g\u00fcnlerine M\u00fcsl\u00fcmanlar\u0131n bayram g\u00fcnlerini de eklemeliyiz.\r\n<ul>\r\n \t<li>Ramazan Bayram\u0131<\/li>\r\n \t<li>Kadir gecesini takip eden g\u00fcn<\/li>\r\n \t<li>M\u00fcsl\u00fcman hicri takviminin ilk g\u00fcn\u00fc<\/li>\r\n \t<li>Kurban Bayram\u0131 i\u00e7in 2 g\u00fcn<\/li>\r\n<\/ul>\r\n<strong>Demokratik\u00a0 \u00fclke Nijer:<\/strong>\r\n\r\nNijer ger\u00e7ek bir siyasi ve end\u00fcstriyel istikrara sahip demokratik bir \u00fclkedir.\r\n\r\n<em>Korunmu\u015f g\u00fcvenlik ve bar\u0131\u015f<\/em>\r\n\r\nNijer silahl\u0131 \u00e7at\u0131\u015fmalar ve her t\u00fcr ter\u00f6r tehdidinin yer ald\u0131\u011f\u0131 bir b\u00f6lgenin ortas\u0131nda , istikrar ve bar\u0131\u015f adas\u0131 olu\u015fturmakta . Bar\u0131\u015f iklimini korumak i\u00e7in Nijer ayn\u0131 zamanda g\u00fcvenlik, ekonomik ve idar\u00ee a\u00e7\u0131dan kapsaml\u0131 bir \u00e7\u00f6z\u00fcm i\u00e7eren bir yol tercih etti. Ayr\u0131ca ,h\u00fck\u00fcmet ne pahas\u0131na olursa olsun \u00fclke topraklar\u0131n\u0131n tamam\u0131nda, insan ve mal g\u00fcvenli\u011fini sa\u011flamay\u0131 taahh\u00fct etti ve ECOWAS \u00fclkeler ve Sahel-Sahra b\u00f6lgesinin \u00fclkeleri aras\u0131ndaki tehditlere kar\u015f\u0131 i\u015fbirli\u011fi ba\u011flam\u0131nda ortak \u00e7\u00f6z\u00fcmler sa\u011flamay\u0131 \u00fcstlendi.\r\n\r\n<strong>G\u00fc\u00e7l\u00fc kurumlar:<\/strong>\r\n\r\nH\u00fck\u00fcmet, eylemlerinin s\u00fcreklili\u011fini sa\u011flamla\u015ft\u0131rmak i\u00e7in g\u00fc\u00e7l\u00fc, g\u00fcvenilir ve s\u00fcrd\u00fcr\u00fclebilir demokratik kurumlar yerle\u015ftirmek i\u00e7in \u00e7abal\u0131yor. Bu s\u00f6z konusu kurumlar\u00a0 Millet Meclisi, Kamu Denetimi, Ekonomik ve Sosyal Konsey, Adalet Y\u00fcksek Mahkemesi, \u0130nsan Haklar\u0131 Ulusal Komisyonu, Say\u0131\u015ftay, \u0130leti\u015fim ve Anayasa Mahkemesi Y\u00fcksek Kurulu dur.\r\n\r\n<strong>Kurulmu\u015f iyi bir y\u00f6netim<\/strong>\r\n\r\nH\u00fck\u00fcmet usanmadan yolsuzluk, n\u00fcfuz ticareti ve kamu paras\u0131n\u0131n y\u00f6nlendirilmesi, bununla birlikte \u00f6zel operasyonel yap\u0131lar\u0131n g\u00fc\u00e7l\u00fc eylemleri arac\u0131l\u0131\u011f\u0131yla kara para aklamas\u0131yla m\u00fccadele ediyor.(HALC\u0130A) yolsuzluk ve asimile su\u00e7larla m\u00fccadele Y\u00fcksek Kurulu, \u015fikayet ve ihbarlar\u0131 almak i\u00e7in ye\u015fil hat&#8230; Ayr\u0131ca WAEMU\u2019nun bir par\u00e7as\u0131 olarak olu\u015fturulan kara para aklamaya kar\u015f\u0131 m\u00fccadele merkezi g\u00fc\u00e7lendirildi.\r\n\r\n<strong>\u00d6zg\u00fcr bas\u0131n<\/strong>\r\n\r\n<strong>\u00a0\u00a0\u00a0\u00a0 <\/strong>Nijer\u2019de bas\u0131n su\u00e7u cezas\u0131n\u0131n kald\u0131r\u0131lmas\u0131, d\u00fc\u015f\u00fcnce ve ifade \u00f6zg\u00fcrl\u00fc\u011f\u00fcn\u00fc beraberinde getirdi .S\u0131n\u0131r tan\u0131mayan gazetecilerin ,Nijer\u2019i bas\u0131n \u00f6zg\u00fcrl\u00fc\u011f\u00fc konusunda d\u00fcnya \u00e7ap\u0131nda (Fransa ve Amerika gibi \u00fclkelerin g\u00f6z\u00fcnde)175. S\u0131radan 29. S\u0131raya ; Afrika da ise 4.s\u0131raya ta\u015f\u0131malar\u0131na neden oldu.\r\n\r\n<strong>\u0130nsan haklar\u0131<\/strong>\r\n\r\n<strong>\u00a0\u00a0\u00a0\u00a0\u00a0\u00a0\u00a0\u00a0 \u0130nsan haklar\u0131n\u0131 te\u015fvik:\u00a0\u00a0 <\/strong>\r\n\r\nCenevre de yap\u0131lan insan haklar\u0131 Birle\u015fmi\u015f Uluslar Konseyi nin 17.oturumu vesilesiyle 11haziran 2011 tarihinde h\u00fckumet ,evrensel periyodik s\u0131nav\u0131n\u0131 ba\u015far\u0131yla ge\u00e7mi\u015ftir .Bu ba\u015far\u0131 Nijer\u2019e ,insan haklar\u0131na\u00a0 sayg\u0131 alan\u0131nda \u201cba\u015far\u0131l\u0131 uygulama \u201d modeli olarak se\u00e7ilme imkan\u0131 sa\u011flad\u0131.\r\n<ul>\r\n \t<li><a href=\"http:\/\/www.ambaniger-tr.org\/textes-fondamentaux\/\">Temel Yasalar<\/a>\u00a0(frans\u0131zca)<\/li>\r\n \t<li><a href=\"http:\/\/www.ambaniger-tr.org\/les-institutions\/\">Kurumlar<\/a>\u00a0(frans\u0131zca)<\/li>\r\n \t<li><a title=\"Nijer \u0130stiklal Mar\u015f\u0131\" href=\"http:\/\/tr.ambaniger-tr.org\/nijer-istiklal-marsi\/\">Nijer Milli Mar\u015f\u0131<\/a><\/li>\r\n \t<li><a title=\"Resimlerle Nijer\" href=\"http:\/\/tr.ambaniger-tr.org\/resimlerle-nijer\/\">Resimler ile Nijer<\/a><\/li>\r\n \t<li>Bas\u0131n<\/li>\r\n \t<li>Nijer&#8217;in ba\u015fkenti Niamey<\/li>\r\n \t<li><a title=\"Nijer\u2019de Yat\u0131r\u0131m\" href=\"http:\/\/tr.ambaniger-tr.org\/nijerde-yatirim\/\">Nijer&#8217;de Yat\u0131r\u0131m<\/a><\/li>\r\n \t<li><a title=\"Nijer ziyareti\" href=\"http:\/\/tr.ambaniger-tr.org\/nijer-ziyareti\/\">Nijer&#8217;i ke\u015ffedin<\/a><\/li>\r\n<\/ul>\r\n<\/li>\r\n<\/ul>","protected":false},"excerpt":{"rendered":"<p>Nijer Devleti, eski bir Frans\u0131z s\u00f6m\u00fcrgesi olup 18 aral\u0131k 1958 y\u0131l\u0131ndan bu yana bir cumhuriyettir, 3 a\u011fustos 1960 y\u0131l\u0131nda ba\u011f\u0131ms\u0131zl\u0131\u011f\u0131n\u0131 kazand\u0131. Bat\u0131 Afrika \u00fclkesi olup kuzeyinde<span class=\"excerpt-hellip\"> [\u2026]<\/span><\/p>\n","protected":false},"author":1,"featured_media":0,"parent":0,"menu_order":0,"comment_status":"closed","ping_status":"closed","template":"","meta":{"content-type":"","footnotes":""},"class_list":["post-2407","page","type-page","status-publish","hentry"],"_links":{"self":[{"href":"https:\/\/www.ambaniger-tr.org\/tr\/wp-json\/wp\/v2\/pages\/2407","targetHints":{"allow":["GET"]}}],"collection":[{"href":"https:\/\/www.ambaniger-tr.org\/tr\/wp-json\/wp\/v2\/pages"}],"about":[{"href":"https:\/\/www.ambaniger-tr.org\/tr\/wp-json\/wp\/v2\/types\/page"}],"author":[{"embeddable":true,"href":"https:\/\/www.ambaniger-tr.org\/tr\/wp-json\/wp\/v2\/users\/1"}],"replies":[{"embeddable":true,"href":"https:\/\/www.ambaniger-tr.org\/tr\/wp-json\/wp\/v2\/comments?post=2407"}],"version-history":[{"count":3,"href":"https:\/\/www.ambaniger-tr.org\/tr\/wp-json\/wp\/v2\/pages\/2407\/revisions"}],"predecessor-version":[{"id":2410,"href":"https:\/\/www.ambaniger-tr.org\/tr\/wp-json\/wp\/v2\/pages\/2407\/revisions\/2410"}],"wp:attachment":[{"href":"https:\/\/www.ambaniger-tr.org\/tr\/wp-json\/wp\/v2\/media?parent=2407"}],"curies":[{"name":"wp","href":"https:\/\/api.w.org\/{rel}","templated":true}]}}