{"id":2594,"date":"2023-01-20T10:54:39","date_gmt":"2023-01-20T08:54:39","guid":{"rendered":"http:\/\/www.ambaniger-tr.org\/?page_id=2594"},"modified":"2025-09-22T21:43:03","modified_gmt":"2025-09-22T19:43:03","slug":"nijer-vizesi","status":"publish","type":"page","link":"https:\/\/www.ambaniger-tr.org\/tr\/nijer-vizesi\/","title":{"rendered":"N\u0130JER G\u0130R\u0130\u015e V\u0130ZES\u0130"},"content":{"rendered":"<p>Nijer\u2019e giri\u015f yapabilmeniz i\u00e7in vize alman\u0131z gerekecektir. Nijer\u2019e giri\u015f yapmak i\u00e7in CEDEAO\u2019ya \u00fcye olan \u00fclkelerin vatanda\u015flar\u0131 ve Nijer ile vize muafiyeti anla\u015fmas\u0131 olan \u00fclkelerin vatanda\u015flar\u0131 hari\u00e7 herkes i\u00e7in Nijer vizesi zorunludur. 11 A\u011fustos 2021 tarihinden itibaren, Nijer ile T\u00fcrkiye aras\u0131nda diplomatik, hizmet (gri) ve hususi (ye\u015fil) pasaport hamilleri (her iki \u00fclkenin) vatanda\u015flar\u0131 i\u00e7in Vize muafiyeti anla\u015fmas\u0131 bulunmaktad\u0131r.<\/p>\n<p><strong><em>Vize Ba\u015fvurusu<\/em><\/strong><\/p>\n<p>Nijer vizesi i\u015flemi i\u00e7in, dosyalar\u0131n konsolosluk servisine teslimi ve geri al\u0131m\u0131 a\u015fa\u011f\u0131daki prosed\u00fcrlere g\u00f6re yap\u0131lacakt\u0131r;<\/p>\n<p><strong>DOSYA TESL\u0130M\u0130 &#8211; (Ba\u015fvuru) <\/strong><\/p>\n<p>Pazartesi, Sal\u0131, \u00c7ar\u015famba ve Per\u015fembe g\u00fcnleri saat: 09.30 &#8211; 12.00<\/p>\n<p><strong>V\u0130ZE TESL\u0130M\u0130 <\/strong><\/p>\n<p>Pazartesi, \u00c7ar\u015famba, Per\u015fembe ve Cuma g\u00fcnleri saat: 15.00 \u2013 16.30<\/p>\n<p><strong>V\u0130ZE BA\u015eVURUSUNDA GEREKL\u0130 EVRAKLAR<\/strong><\/p>\n<ol>\n<li>DOLDURULMU\u015e VE \u0130MZALANMI\u015e\u00a0\u00a0<a href=\"http:\/\/www.tr.ambaniger-tr.org\/wp-content\/uploads\/2019\/09\/vize-basvuru-formu.pdf\">Vize Ba\u015fvuru Formu\u00a0<\/a><\/li>\n<li>PASAPORT ASLI<\/li>\n<li>PASAPORT FOTOKOP\u0130S\u0130<\/li>\n<li>YEN\u0130 \u00c7EK\u0130LM\u0130\u015e \u0130K\u0130 (2) ADET FOTO\u011eRAF<\/li>\n<li>N\u0130JER\u2019DEN DAVET\u0130YE BELGES\u0130 VEYA KONAKLAMA \u0130\u00c7\u0130N REZERVASYON BELGES\u0130<\/li>\n<li>U\u00c7AK REZERVASYONU<\/li>\n<li>\u0130LG\u0130L\u0130 K\u0130\u015e\u0130N\u0130N D\u0130PLOMASI VEYA YAPTI\u011eI MESLE\u011e\u0130N KANITI (BELGES\u0130)<\/li>\n<\/ol>\n<p><strong><a href=\"https:\/\/www.ambaniger-tr.org\/wp-content\/uploads\/2025\/01\/LN\u00b0-000646-Chefs-Missions-diplomatiques-et-Postes-Consulaires-du-Niger_Page_2-721x1024.jpg\"><img loading=\"lazy\" decoding=\"async\" class=\"aligncenter wp-image-2855 size-large\" src=\"https:\/\/www.ambaniger-tr.org\/wp-content\/uploads\/2025\/01\/LN\u00b0-000646-Chefs-Missions-diplomatiques-et-Postes-Consulaires-du-Niger_Page_2-721x1024.jpg\" alt=\"\" width=\"721\" height=\"1024\" srcset=\"https:\/\/www.ambaniger-tr.org\/wp-content\/uploads\/2025\/01\/LN\u00b0-000646-Chefs-Missions-diplomatiques-et-Postes-Consulaires-du-Niger_Page_2-721x1024.jpg 721w, https:\/\/www.ambaniger-tr.org\/wp-content\/uploads\/2025\/01\/LN\u00b0-000646-Chefs-Missions-diplomatiques-et-Postes-Consulaires-du-Niger_Page_2-211x300.jpg 211w, https:\/\/www.ambaniger-tr.org\/wp-content\/uploads\/2025\/01\/LN\u00b0-000646-Chefs-Missions-diplomatiques-et-Postes-Consulaires-du-Niger_Page_2-768x1091.jpg 768w, https:\/\/www.ambaniger-tr.org\/wp-content\/uploads\/2025\/01\/LN\u00b0-000646-Chefs-Missions-diplomatiques-et-Postes-Consulaires-du-Niger_Page_2-1081x1536.jpg 1081w, https:\/\/www.ambaniger-tr.org\/wp-content\/uploads\/2025\/01\/LN\u00b0-000646-Chefs-Missions-diplomatiques-et-Postes-Consulaires-du-Niger_Page_2-1441x2048.jpg 1441w, https:\/\/www.ambaniger-tr.org\/wp-content\/uploads\/2025\/01\/LN\u00b0-000646-Chefs-Missions-diplomatiques-et-Postes-Consulaires-du-Niger_Page_2-53x75.jpg 53w, https:\/\/www.ambaniger-tr.org\/wp-content\/uploads\/2025\/01\/LN\u00b0-000646-Chefs-Missions-diplomatiques-et-Postes-Consulaires-du-Niger_Page_2-480x682.jpg 480w, https:\/\/www.ambaniger-tr.org\/wp-content\/uploads\/2025\/01\/LN\u00b0-000646-Chefs-Missions-diplomatiques-et-Postes-Consulaires-du-Niger_Page_2.jpg 1642w\" sizes=\"auto, (max-width:767px) 480px, 721px\" \/><\/a><a href=\"https:\/\/www.ambaniger-tr.org\/wp-content\/uploads\/2025\/01\/LN\u00b0-000646-Chefs-Missions-diplomatiques-et-Postes-Consulaires-du-Niger_Page_3-722x1024.jpg\"><img loading=\"lazy\" decoding=\"async\" class=\"aligncenter wp-image-2857 size-large\" src=\"https:\/\/www.ambaniger-tr.org\/wp-content\/uploads\/2025\/01\/LN\u00b0-000646-Chefs-Missions-diplomatiques-et-Postes-Consulaires-du-Niger_Page_3-722x1024.jpg\" alt=\"\" width=\"722\" height=\"1024\" srcset=\"https:\/\/www.ambaniger-tr.org\/wp-content\/uploads\/2025\/01\/LN\u00b0-000646-Chefs-Missions-diplomatiques-et-Postes-Consulaires-du-Niger_Page_3-722x1024.jpg 722w, https:\/\/www.ambaniger-tr.org\/wp-content\/uploads\/2025\/01\/LN\u00b0-000646-Chefs-Missions-diplomatiques-et-Postes-Consulaires-du-Niger_Page_3-212x300.jpg 212w, https:\/\/www.ambaniger-tr.org\/wp-content\/uploads\/2025\/01\/LN\u00b0-000646-Chefs-Missions-diplomatiques-et-Postes-Consulaires-du-Niger_Page_3-768x1089.jpg 768w, https:\/\/www.ambaniger-tr.org\/wp-content\/uploads\/2025\/01\/LN\u00b0-000646-Chefs-Missions-diplomatiques-et-Postes-Consulaires-du-Niger_Page_3-1083x1536.jpg 1083w, https:\/\/www.ambaniger-tr.org\/wp-content\/uploads\/2025\/01\/LN\u00b0-000646-Chefs-Missions-diplomatiques-et-Postes-Consulaires-du-Niger_Page_3-1445x2048.jpg 1445w, https:\/\/www.ambaniger-tr.org\/wp-content\/uploads\/2025\/01\/LN\u00b0-000646-Chefs-Missions-diplomatiques-et-Postes-Consulaires-du-Niger_Page_3-53x75.jpg 53w, https:\/\/www.ambaniger-tr.org\/wp-content\/uploads\/2025\/01\/LN\u00b0-000646-Chefs-Missions-diplomatiques-et-Postes-Consulaires-du-Niger_Page_3-480x680.jpg 480w, https:\/\/www.ambaniger-tr.org\/wp-content\/uploads\/2025\/01\/LN\u00b0-000646-Chefs-Missions-diplomatiques-et-Postes-Consulaires-du-Niger_Page_3.jpg 1640w\" sizes=\"auto, (max-width:767px) 480px, 722px\" \/><\/a><a href=\"https:\/\/www.ambaniger-tr.org\/wp-content\/uploads\/2025\/01\/LN\u00b0-000646-Chefs-Missions-diplomatiques-et-Postes-Consulaires-du-Niger_Page_4-723x1024.jpg\"><img loading=\"lazy\" decoding=\"async\" class=\"aligncenter wp-image-2859 size-large\" src=\"https:\/\/www.ambaniger-tr.org\/wp-content\/uploads\/2025\/01\/LN\u00b0-000646-Chefs-Missions-diplomatiques-et-Postes-Consulaires-du-Niger_Page_4-723x1024.jpg\" alt=\"\" width=\"723\" height=\"1024\" srcset=\"https:\/\/www.ambaniger-tr.org\/wp-content\/uploads\/2025\/01\/LN\u00b0-000646-Chefs-Missions-diplomatiques-et-Postes-Consulaires-du-Niger_Page_4-723x1024.jpg 723w, https:\/\/www.ambaniger-tr.org\/wp-content\/uploads\/2025\/01\/LN\u00b0-000646-Chefs-Missions-diplomatiques-et-Postes-Consulaires-du-Niger_Page_4-212x300.jpg 212w, https:\/\/www.ambaniger-tr.org\/wp-content\/uploads\/2025\/01\/LN\u00b0-000646-Chefs-Missions-diplomatiques-et-Postes-Consulaires-du-Niger_Page_4-768x1088.jpg 768w, https:\/\/www.ambaniger-tr.org\/wp-content\/uploads\/2025\/01\/LN\u00b0-000646-Chefs-Missions-diplomatiques-et-Postes-Consulaires-du-Niger_Page_4-1084x1536.jpg 1084w, https:\/\/www.ambaniger-tr.org\/wp-content\/uploads\/2025\/01\/LN\u00b0-000646-Chefs-Missions-diplomatiques-et-Postes-Consulaires-du-Niger_Page_4-1445x2048.jpg 1445w, https:\/\/www.ambaniger-tr.org\/wp-content\/uploads\/2025\/01\/LN\u00b0-000646-Chefs-Missions-diplomatiques-et-Postes-Consulaires-du-Niger_Page_4-53x75.jpg 53w, https:\/\/www.ambaniger-tr.org\/wp-content\/uploads\/2025\/01\/LN\u00b0-000646-Chefs-Missions-diplomatiques-et-Postes-Consulaires-du-Niger_Page_4-480x680.jpg 480w, https:\/\/www.ambaniger-tr.org\/wp-content\/uploads\/2025\/01\/LN\u00b0-000646-Chefs-Missions-diplomatiques-et-Postes-Consulaires-du-Niger_Page_4.jpg 1643w\" sizes=\"auto, (max-width:767px) 480px, 723px\" \/><\/a><\/strong><\/p>\n<p><strong>15 Eyl\u00fcl 2025 TAR\u0130H\u0130NDEN \u0130T\u0130BAREN GE\u00c7ERL\u0130 V\u0130ZE BA\u015eVURU \u00dcCRETLER\u0130:<\/strong><\/p>\n<p>(24 Ocak 2007 tarihli ve 00544\/ME\/C\/IA\/DNEAC say\u0131l\u0131 Y\u00f6nerge &#8211; 10 Eyl\u00fcl 2025 tarihli ve 0001\/ANT\/25 say\u0131l\u0131 Karar)<\/p>\n<ul>\n<li>K\u0131sa bir kal\u0131\u015f i\u00e7in (1 ayl\u0131k) vize \u00fccreti 60 \u20ac.<\/li>\n<li>Uzun bir kal\u0131\u015f i\u00e7in (3 ayl\u0131k) vize \u00fccreti 120 \u20ac.<\/li>\n<\/ul>\n<p><strong>BANKA B\u0130LG\u0130LER\u0130:<\/strong><\/p>\n<p><strong>IBAN:<\/strong> TR43 0006 4000 0024 2360 4143 49<br \/>\n<strong>HESAP ADI:<\/strong> AMBASSADE DU NIGER A ANKARA<\/p>\n<p><strong>NOT:<\/strong> Al\u0131nan \u00fccretler iade edilmez.<\/p>\n<p>Banka havalesi yapt\u0131ktan sonra, ba\u015fvuru dosyas\u0131na havale dekontunu eklemeyi unutmay\u0131n\u0131z.<\/p>\n","protected":false},"excerpt":{"rendered":"<p>Nijer\u2019e giri\u015f yapabilmeniz i\u00e7in vize alman\u0131z gerekecektir. Nijer\u2019e giri\u015f yapmak i\u00e7in CEDEAO\u2019ya \u00fcye olan \u00fclkelerin vatanda\u015flar\u0131 ve Nijer ile vize muafiyeti anla\u015fmas\u0131 olan \u00fclkelerin vatanda\u015flar\u0131 hari\u00e7<span class=\"excerpt-hellip\"> [\u2026]<\/span><\/p>\n","protected":false},"author":1,"featured_media":0,"parent":0,"menu_order":0,"comment_status":"closed","ping_status":"closed","template":"","meta":{"content-type":"","footnotes":""},"class_list":["post-2594","page","type-page","status-publish","hentry"],"_links":{"self":[{"href":"https:\/\/www.ambaniger-tr.org\/tr\/wp-json\/wp\/v2\/pages\/2594","targetHints":{"allow":["GET"]}}],"collection":[{"href":"https:\/\/www.ambaniger-tr.org\/tr\/wp-json\/wp\/v2\/pages"}],"about":[{"href":"https:\/\/www.ambaniger-tr.org\/tr\/wp-json\/wp\/v2\/types\/page"}],"author":[{"embeddable":true,"href":"https:\/\/www.ambaniger-tr.org\/tr\/wp-json\/wp\/v2\/users\/1"}],"replies":[{"embeddable":true,"href":"https:\/\/www.ambaniger-tr.org\/tr\/wp-json\/wp\/v2\/comments?post=2594"}],"version-history":[{"count":5,"href":"https:\/\/www.ambaniger-tr.org\/tr\/wp-json\/wp\/v2\/pages\/2594\/revisions"}],"predecessor-version":[{"id":2866,"href":"https:\/\/www.ambaniger-tr.org\/tr\/wp-json\/wp\/v2\/pages\/2594\/revisions\/2866"}],"wp:attachment":[{"href":"https:\/\/www.ambaniger-tr.org\/tr\/wp-json\/wp\/v2\/media?parent=2594"}],"curies":[{"name":"wp","href":"https:\/\/api.w.org\/{rel}","templated":true}]}}